{"id":9,"date":"2013-09-20T13:12:13","date_gmt":"2013-09-20T12:12:13","guid":{"rendered":"https:\/\/www.cludts.be\/wordpress\/?page_id=9"},"modified":"2026-04-01T16:04:15","modified_gmt":"2026-04-01T15:04:15","slug":"compta","status":"publish","type":"page","link":"https:\/\/www.cludts.be\/fr\/","title":{"rendered":"Des experts-comptables et juristes fiscalistes \u00e0 votre service"},"content":{"rendered":"\n<h1 class=\"wp-block-heading\">L&rsquo;approche multidisciplinaire d\u2019Experts-comptables et juristes-fiscalistes depuis plus de 30 ans<\/h1>\n\n\n\n<figure class=\"wp-block-image size-large is-resized\"><a href=\"https:\/\/www.cludts.be\/wp-content\/uploads\/2025\/12\/MG_2805-scaled.jpg\"><img loading=\"lazy\" decoding=\"async\" width=\"1024\" height=\"683\" src=\"https:\/\/www.cludts.be\/wp-content\/uploads\/2025\/12\/MG_2805-1024x683.jpg\" alt=\"\" class=\"wp-image-4728\" style=\"width:522px;height:auto\" srcset=\"https:\/\/www.cludts.be\/wp-content\/uploads\/2025\/12\/MG_2805-1024x683.jpg 1024w, https:\/\/www.cludts.be\/wp-content\/uploads\/2025\/12\/MG_2805-300x200.jpg 300w, https:\/\/www.cludts.be\/wp-content\/uploads\/2025\/12\/MG_2805-768x512.jpg 768w, https:\/\/www.cludts.be\/wp-content\/uploads\/2025\/12\/MG_2805-1536x1024.jpg 1536w, https:\/\/www.cludts.be\/wp-content\/uploads\/2025\/12\/MG_2805-2048x1365.jpg 2048w\" sizes=\"auto, (max-width: 1024px) 100vw, 1024px\" \/><\/a><figcaption class=\"wp-element-caption\">Anouk Cludts et son p\u00e8re Alain Cludts tous deux Experts-comptables<\/figcaption><\/figure>\n\n\n\n<p><\/p>\n\n\n\n<p class=\"has-text-align-left\">Notre cabinet rassemble des <strong>experts-comptables chevronn\u00e9s et des juristes fiscalistes sp\u00e9cialis\u00e9s<\/strong>, qui partagent des valeurs communes et une compl\u00e9mentarit\u00e9 d\u2019expertises exceptionnelle.<\/p>\n\n\n\n<p>Cette synergie unique est notre force : elle nous permet de vous offrir une <strong>vision 360\u00b0<\/strong> et des <strong>solutions int\u00e9gr\u00e9es<\/strong> pour vous accompagner vers le succ\u00e8s, que vous soyez cr\u00e9ateur d\u2019entreprise, administrateur ou g\u00e9rant d\u2019une PME, profession lib\u00e9rale (m\u00e9decin, consultant, architecte, avocat\u2026), responsable d\u2019une association ou commer\u00e7ant.<\/p>\n\n\n\n<h2 class=\"wp-block-heading\">La confiance en votre Expert-comptable<\/h2>\n\n\n\n<div class=\"wp-block-media-text is-stacked-on-mobile\" style=\"grid-template-columns:24% auto\"><figure class=\"wp-block-media-text__media\"><img loading=\"lazy\" decoding=\"async\" width=\"1024\" height=\"1024\" src=\"https:\/\/www.cludts.be\/wp-content\/uploads\/2025\/05\/cachet-membre-ITAA-FR-1024x1024.png\" alt=\"\" class=\"wp-image-4282 size-full\" srcset=\"https:\/\/www.cludts.be\/wp-content\/uploads\/2025\/05\/cachet-membre-ITAA-FR-1024x1024.png 1024w, https:\/\/www.cludts.be\/wp-content\/uploads\/2025\/05\/cachet-membre-ITAA-FR-300x300.png 300w, https:\/\/www.cludts.be\/wp-content\/uploads\/2025\/05\/cachet-membre-ITAA-FR-150x150.png 150w, https:\/\/www.cludts.be\/wp-content\/uploads\/2025\/05\/cachet-membre-ITAA-FR-768x768.png 768w, https:\/\/www.cludts.be\/wp-content\/uploads\/2025\/05\/cachet-membre-ITAA-FR.png 1045w\" sizes=\"auto, (max-width: 1024px) 100vw, 1024px\" \/><\/figure><div class=\"wp-block-media-text__content\">\n<p>Le cabinet est membre de l\u2019ITAA qui est votre garantie d&rsquo;un service d\u2019expert-comptable et conseiller fiscal et conforme aux plus hauts standards professionnels.<\/p>\n<\/div><\/div>\n\n\n\n<p><\/p>\n\n\n\n<p>Vous recherchez un partenaire qui ma\u00eetrise non seulement les chiffres, mais aussi le cadre l\u00e9gal et fiscal qui les entoure ? Nous mettons notre <strong>double comp\u00e9tence<\/strong> au service de vos projets, forts d&rsquo;une exp\u00e9rience significative dans les domaines suivants :<\/p>\n\n\n\n<ul class=\"wp-block-list\">\n<li><strong>Tenue de votre comptabilit\u00e9 :<\/strong> Avec la rigueur de l&rsquo;expert-comptable et l&rsquo;\u0153il avis\u00e9 du juriste pour une gestion parfaite de votre dossier.<\/li>\n\n\n\n<li><strong>Conseil fiscal strat\u00e9gique :<\/strong> Int\u00e9grant les possibilit\u00e9s fiscales pour une optimisation fiscale et s\u00e9curis\u00e9e sur base d\u2019une comptabilit\u00e9 fiable.<\/li>\n\n\n\n<li><strong>D\u00e9clarations d\u2019imp\u00f4ts (soci\u00e9t\u00e9s et priv\u00e9es) :<\/strong> Assurant la pr\u00e9cision et l&rsquo;exploitation de toutes les opportunit\u00e9s fiscales et l\u00e9gales.<\/li>\n\n\n\n<li><strong>Cl\u00f4ture de bilan :<\/strong> Une comptabilit\u00e9 bien en ordre avec une analyse d\u00e9taill\u00e9e et rigoureuse de tous les montants, comptes clients et fournisseurs en ordre d\u2019aucun montant en suspens.<\/li>\n\n\n\n<li><strong>Questions de droit fiscal :<\/strong> Des r\u00e9ponses claires gr\u00e2ce \u00e0 notre expertise combin\u00e9e. Nous int\u00e9grons toutes les modifications l\u00e9gislatives et de jurisprudence gr\u00e2ce \u00e0 notre formation permanente.<\/li>\n\n\n\n<li><strong>Assistance lors de contr\u00f4les fiscaux :<\/strong> Une d\u00e9fense solide tant sur le plan comptable que juridique et fiscal.<\/li>\n<\/ul>\n\n\n\n<p class=\"has-text-align-left\">Apr\u00e8s son master en droit, et un master compl\u00e9mentaire en droit notarial, Anouk Cludts a rejoint le bureau et a depuis obtenu le titre d\u2019expert-comptable, renfor\u00e7ant ainsi <strong>l&rsquo;ADN pluridisciplinaire<\/strong> de notre cabinet. Apr\u00e8s plus de 10 ans d\u2019exp\u00e9rience, elle a pris brillamment la direction du bureau d\u2019expertise comptable et fiscale.<\/p>\n\n\n\n<p><strong>Vu dans Forbes :<\/strong> Une reconnaissance de notre double expertise. D\u00e9couvrez l&rsquo;interview d&rsquo;Anouk Cludts sur la vision strat\u00e9gique du cabinet.<a href=\"https:\/\/www.forbes.be\/fr\/anouk-cludts-quand-lexpertise-comptable-rencontre-le-droit-fiscal\/\" target=\"_blank\" rel=\"noopener\"> [Lire l&rsquo;article complet]<\/a><\/p>\n\n\n\n<figure class=\"wp-block-image size-large is-resized\"><a href=\"https:\/\/www.cludts.be\/wp-content\/uploads\/2025\/12\/xANOUCKKERST25Forbes-111-scaled.jpg\"><img loading=\"lazy\" decoding=\"async\" width=\"1024\" height=\"681\" src=\"https:\/\/www.cludts.be\/wp-content\/uploads\/2025\/12\/xANOUCKKERST25Forbes-111-1024x681.jpg\" alt=\"\" class=\"wp-image-4726\" style=\"width:421px;height:auto\" srcset=\"https:\/\/www.cludts.be\/wp-content\/uploads\/2025\/12\/xANOUCKKERST25Forbes-111-1024x681.jpg 1024w, https:\/\/www.cludts.be\/wp-content\/uploads\/2025\/12\/xANOUCKKERST25Forbes-111-300x200.jpg 300w, https:\/\/www.cludts.be\/wp-content\/uploads\/2025\/12\/xANOUCKKERST25Forbes-111-768x511.jpg 768w, https:\/\/www.cludts.be\/wp-content\/uploads\/2025\/12\/xANOUCKKERST25Forbes-111-1536x1022.jpg 1536w, https:\/\/www.cludts.be\/wp-content\/uploads\/2025\/12\/xANOUCKKERST25Forbes-111-2048x1363.jpg 2048w\" sizes=\"auto, (max-width: 1024px) 100vw, 1024px\" \/><\/a><\/figure>\n\n\n\n<p>Notre engagement vis-\u00e0-vis de nos clients est clair et sans compromis : suivre assid\u00fbment les s\u00e9minaires en fiscalit\u00e9 et en droit des soci\u00e9t\u00e9s pour ma\u00eetriser l&rsquo;actualit\u00e9 et vous garantir, en toute l\u00e9galit\u00e9, la charge fiscale la plus juste possible. Se doter de toutes les possibilit\u00e9s informatiques pour vous faire profiter du meilleur prix.<\/p>\n\n\n\n<h3 class=\"wp-block-heading\"><span style=\"color: #ff6600;\">Notre cabinet en chiffres pour d\u00e9montrer l\u2019importance de la confiance que nous recevons de nos clients :<\/span><\/h3>\n\n\n\n<div class=\"wp-block-group\"><div class=\"wp-block-group__inner-container is-layout-flow wp-block-group-is-layout-flow\">\n<ul class=\"wp-block-list\">\n<li>Plus de 1200 clients fid\u00e8les annuellement,<\/li>\n\n\n\n<li>Plus de 330 d\u00e9clarations TVA trimestrielles,<\/li>\n\n\n\n<li>Plus de 19 d\u00e9clarations TVA mensuelles,<\/li>\n\n\n\n<li>Plus de 360 bilans de soci\u00e9t\u00e9s et d\u2019ASBL par an,<\/li>\n\n\n\n<li>Plus de 900 d\u00e9clarations annuelles \u00e0 l\u2019imp\u00f4t des personnes physiques,<\/li>\n\n\n\n<li>De nombreuses missions d\u2019audit sp\u00e9cifiques par an,<\/li>\n\n\n\n<li>De nombreux contr\u00f4les fiscaux g\u00e9r\u00e9s efficacement.<\/li>\n<\/ul>\n<\/div><\/div>\n\n\n\n<div class=\"wp-block-group\"><div class=\"wp-block-group__inner-container is-layout-flow wp-block-group-is-layout-flow\">\n<h2 class=\"wp-block-heading\"><mark style=\"background-color:rgba(0, 0, 0, 0)\" class=\"has-inline-color has-luminous-vivid-orange-color\">Ce que nos clients disent :<\/mark><\/h2>\n<\/div><\/div>\n\n\n\n<p><mark style=\"background-color:rgba(0, 0, 0, 0)\" class=\"has-inline-color has-vivid-cyan-blue-color\">\u00ab\u00a0<em>Il y a plus de vingt ans, j\u2019ai d\u00e9cid\u00e9 de confier ma comptabilit\u00e9 au bureau Cludts\u2014 et avec le recul, c\u2019est sans doute la meilleure d\u00e9cision que j\u2019aie jamais prise d\u2019un point de vue fiscal.<\/em><\/mark><\/p>\n\n\n\n<p><em><mark style=\"background-color:rgba(0, 0, 0, 0)\" class=\"has-inline-color has-vivid-cyan-blue-color\">Mais ce que j\u2019y ai trouv\u00e9 va bien au-del\u00e0 de l\u2019optimisation fiscale. Je peux compter sur une \u00e9quipe qui anticipe, qui communique avec clart\u00e9, sur laquelle je peux m\u2019appuyer en toute confiance, et qui reste disponible m\u00eame pour des questions d\u00e9passant le cadre strict de la comptabilit\u00e9.<\/mark><\/em><\/p>\n\n\n\n<p><mark style=\"background-color:rgba(0, 0, 0, 0)\" class=\"has-inline-color has-vivid-cyan-blue-color\"><em>Gr\u00e2ce \u00e0 leur expertise, j\u2019ai pu faire des choix en toute s\u00e9r\u00e9nit\u00e9, tant en tant qu\u2019ind\u00e9pendant qu\u2019en tant qu\u2019entrepreneur. Je les recommande donc sans la moindre h\u00e9sitation.<\/em>\u00ab\u00a0<\/mark><\/p>\n\n\n\n<p><em><mark style=\"background-color:rgba(0, 0, 0, 0)\" class=\"has-inline-color has-vivid-cyan-blue-color\">Dr. Kenneth Coenye, chirurgien<\/mark><\/em><\/p>\n\n\n\n<h3 class=\"wp-block-heading\"><span style=\"color: #ff6600;\">Les secteurs d\u2019activit\u00e9 o\u00f9 notre double expertise fait la diff\u00e9rence<\/span><\/h3>\n\n\n\n<p class=\"has-text-align-left\">Forts de nos nombreux clients, nous sommes actifs dans de nombreux secteurs, avec une compr\u00e9hension approfondie des enjeux sp\u00e9cifiques, notamment en :<\/p>\n\n\n\n<ul class=\"wp-block-list\">\n<li><strong>Secteur m\u00e9dical (m\u00e9decins, kin\u00e9sistes, infirmi\u00e8res\u2026) :<\/strong> Nous ma\u00eetrisons les complexit\u00e9s li\u00e9es aux statuts, \u00e0 la TVA m\u00e9dicale et \u00e0 l&rsquo;optimisation sp\u00e9cifique \u00e0 votre profession, en alliant expertise comptable et juridique. Pour plus d&rsquo;info voyez : <a href=\"https:\/\/www.cludts.be\/fr\/secteur-medical\/\">lien vers le secteur m\u00e9dical<\/a> .<\/li>\n\n\n\n<li><strong>Informatique (consultants IT, prestations \u00e0 la journ\u00e9e) &amp; Management :<\/strong> Nous vous guidons sur les structures optimales, la gestion des droits d&rsquo;auteur potentiels et l&rsquo;optimisation fiscale, en s\u00e9curisant vos contrats et votre statut.<\/li>\n\n\n\n<li><strong>Professions lib\u00e9rales (architectes, notaires, avocats\u2026) :<\/strong> Des conseils adapt\u00e9s aux sp\u00e9cificit\u00e9s de votre m\u00e9tier, int\u00e9grant les aspects d\u00e9ontologiques et l\u00e9gaux.<\/li>\n\n\n\n<li><strong>ASBL (nationale et internationale)<\/strong><\/li>\n\n\n\n<li><strong>PME (tous secteurs)<\/strong><\/li>\n\n\n\n<li><strong>Commerces<\/strong><\/li>\n\n\n\n<li><strong>Immobilier et construction<\/strong><\/li>\n<\/ul>\n\n\n\n<p>La Fiduciaire propose ses services partout en Belgique, principalement aux environs de Bruxelles.<\/p>\n\n\n\n<p>Nous sommes \u00e9galement parfaitement bilingues fran\u00e7ais-n\u00e9erlandais avec de tr\u00e8s bonnes notions d\u2019anglais.<\/p>\n\n\n\n<h2 class=\"wp-block-heading\">Quelques dossiers fiscaux o\u00f9 notre double expertise est mise en valeur :<\/h2>\n\n\n\n<p>Explorez des th\u00e9matiques o\u00f9 notre vision int\u00e9gr\u00e9e apporte une r\u00e9elle plus-value :<\/p>\n\n\n\n<ul class=\"wp-block-list\">\n<li>Le contr\u00f4le fiscal (pr\u00e9paration et d\u00e9fense) <a href=\"https:\/\/www.cludts.be\/fr\/controle-fiscal\/\">Le controle-fiscal<\/a><\/li>\n\n\n\n<li>L\u2019usufruit (aspects civils et fiscaux) voyez le lien <a href=\"https:\/\/www.cludts.be\/fr\/usufruit\/\">L&rsquo;usufruit<\/a><\/li>\n\n\n\n<li>La soci\u00e9t\u00e9 de management (structuration et optimisation) <a href=\"https:\/\/www.cludts.be\/fr\/societe-de-management\/\">Soci\u00e9t\u00e9 de Management<\/a><\/li>\n\n\n\n<li>Les frais professionnels (d\u00e9ductibilit\u00e9 et justification l\u00e9gale) <a href=\"https:\/\/www.cludts.be\/fr\/frais-deductibles\/\">Frais professionnels <\/a><\/li>\n<\/ul>\n\n\n\n<h2 class=\"wp-block-heading\">Nos points forts qui font la diff\u00e9rence<\/h2>\n\n\n\n<p>D\u00e9couvrez pourquoi nos clients nous font confiance :<\/p>\n\n\n\n<ul class=\"wp-block-list\">\n<li><strong>Une Approche int\u00e9gr\u00e9e Comptable &amp; Juridique :<\/strong> Notre principal atout. Des conseils coh\u00e9rents, s\u00e9curis\u00e9s et optimis\u00e9s gr\u00e2ce \u00e0 la synergie de nos experts sous un m\u00eame toit.<\/li>\n\n\n\n<li><strong>Une \u00e9quipe comp\u00e9tente et exp\u00e9riment\u00e9e<\/strong> \u00e0 votre service, ma\u00eetrisant les deux facettes de votre gestion. Pour plus d&rsquo;information, visiter la page <a href=\"https:\/\/www.cludts.be\/fr\/cabinet\/\">notre \u00e9quipe<\/a> .<\/li>\n\n\n\n<li><strong>Une offre de prix claire<\/strong> et transparente, disponible rapidement.<\/li>\n\n\n\n<li><strong>Une large gamme de services<\/strong> couvrant tous vos besoins comptables et fiscaux.<br \/>Vous pouvez nous faire confiance pour un service parfait, alliant rigueur des chiffres et s\u00e9curit\u00e9 du droit.<\/li>\n<\/ul>\n\n\n\n<p>Vous pouvez nous faire confiance pour un service parfait, alliant rigueur des chiffres et s\u00e9curit\u00e9 du droit.<\/p>\n\n\n\n<h2 class=\"wp-block-heading\">Venez nous rendre visite pour une offre sans engagement<\/h2>\n\n\n\n<figure class=\"wp-block-image size-large is-resized\"><img loading=\"lazy\" decoding=\"async\" width=\"1024\" height=\"683\" src=\"https:\/\/www.cludts.be\/wp-content\/uploads\/2022\/11\/IMG_0276x-1024x683.jpg\" alt=\"\" class=\"wp-image-3938\" style=\"aspect-ratio:1.5012987012987014;width:325px;height:auto\" srcset=\"https:\/\/www.cludts.be\/wp-content\/uploads\/2022\/11\/IMG_0276x-1024x683.jpg 1024w, https:\/\/www.cludts.be\/wp-content\/uploads\/2022\/11\/IMG_0276x-300x200.jpg 300w, https:\/\/www.cludts.be\/wp-content\/uploads\/2022\/11\/IMG_0276x-768x512.jpg 768w, https:\/\/www.cludts.be\/wp-content\/uploads\/2022\/11\/IMG_0276x-1536x1024.jpg 1536w, https:\/\/www.cludts.be\/wp-content\/uploads\/2022\/11\/IMG_0276x-2048x1365.jpg 2048w\" sizes=\"auto, (max-width: 1024px) 100vw, 1024px\" \/><\/figure>\n\n\n\n<p class=\"has-text-align-left\"><\/p>\n\n\n\n<p>D\u00e9couvrez comment notre <strong>expertise combin\u00e9e<\/strong> peut b\u00e9n\u00e9ficier \u00e0 votre activit\u00e9.<\/p>\n\n\n\n<p class=\"has-text-align-left\"><a class=\"button\" title=\"Contact\" href=\"https:\/\/www.cludts.be\/contact\/\">Contactez-nous<\/a><\/p>\n\n\n\n<p><strong>Planifier une consultation gratuite :<\/strong> Contactez-nous<\/p>\n\n\n\n<p class=\"has-text-align-left\">Mail : <a href=\"mailto:Anouk.cludts@cludts.com\">Anouk.cludts@cludts.com<\/a><\/p>\n\n\n\n<p class=\"has-text-align-left\"><a href=\"https:\/\/www.google.com\/maps\/place\/De+Limburg+Stirumlaan+250,+1780+Wemmel\" target=\"_blank\" rel=\"noopener\">Avenue de Limburg Stirum, 250 \u00e0 1780 Wemmel<\/a><\/p>\n\n\n\n<p class=\"has-text-align-left\"><\/p>\n\n\n\n<p><\/p>\n","protected":false},"excerpt":{"rendered":"<p>L&rsquo;approche multidisciplinaire d\u2019Experts-comptables et juristes-fiscalistes depuis plus de 30 ans Notre cabinet rassemble des experts-comptables chevronn\u00e9s et des juristes fiscalistes sp\u00e9cialis\u00e9s, qui partagent des valeurs communes et une compl\u00e9mentarit\u00e9 d\u2019expertises exceptionnelle. Cette synergie unique est notre force : elle nous permet de vous offrir une vision 360\u00b0 et des solutions int\u00e9gr\u00e9es pour vous accompagner vers [&hellip;]<\/p>\n","protected":false},"author":1,"featured_media":0,"parent":0,"menu_order":0,"comment_status":"closed","ping_status":"open","template":"","meta":{"_genesis_hide_title":false,"_genesis_hide_breadcrumbs":false,"_genesis_hide_singular_image":false,"_genesis_hide_footer_widgets":false,"_genesis_custom_body_class":"","_genesis_custom_post_class":"","_genesis_layout":"","footnotes":""},"class_list":{"0":"post-9","1":"page","2":"type-page","3":"status-publish","5":"entry","6":"has-post-thumbnail"},"_links":{"self":[{"href":"https:\/\/www.cludts.be\/fr\/wp-json\/wp\/v2\/pages\/9","targetHints":{"allow":["GET"]}}],"collection":[{"href":"https:\/\/www.cludts.be\/fr\/wp-json\/wp\/v2\/pages"}],"about":[{"href":"https:\/\/www.cludts.be\/fr\/wp-json\/wp\/v2\/types\/page"}],"author":[{"embeddable":true,"href":"https:\/\/www.cludts.be\/fr\/wp-json\/wp\/v2\/users\/1"}],"replies":[{"embeddable":true,"href":"https:\/\/www.cludts.be\/fr\/wp-json\/wp\/v2\/comments?post=9"}],"version-history":[{"count":445,"href":"https:\/\/www.cludts.be\/fr\/wp-json\/wp\/v2\/pages\/9\/revisions"}],"predecessor-version":[{"id":4887,"href":"https:\/\/www.cludts.be\/fr\/wp-json\/wp\/v2\/pages\/9\/revisions\/4887"}],"wp:attachment":[{"href":"https:\/\/www.cludts.be\/fr\/wp-json\/wp\/v2\/media?parent=9"}],"curies":[{"name":"wp","href":"https:\/\/api.w.org\/{rel}","templated":true}]}}